{"id":24154,"date":"2021-04-26T12:46:25","date_gmt":"2021-04-26T10:46:25","guid":{"rendered":"https:\/\/www.mecmargroup.com\/casi-studio\/2_str13_tragen_dazu_bei_die_lokalen_gemeinschaften_in_suedafrika_zu_staerken-8"},"modified":"2024-10-31T13:32:03","modified_gmt":"2024-10-31T12:32:03","slug":"2_str13_tragen_dazu_bei_die_lokalen_gemeinschaften_in_suedafrika_zu_staerken-8","status":"publish","type":"caso-studio","link":"https:\/\/www.mecmargroup.com\/de\/casi-studio\/2_str13_tragen_dazu_bei_die_lokalen_gemeinschaften_in_suedafrika_zu_staerken-8","title":{"rendered":"2 STR13 tragen dazu bei, die lokalen Gemeinschaften in S\u00fcdafrika zu st\u00e4rken"},"content":{"rendered":"<h2>Das Geh\u00e4use<\/h2>\n<p style=\"text-align: justify;\"><span style=\"color: #515151;\">Ein gro\u00dfes Regierungsprojekt befindet sich in der Ostkap-Provinz S\u00fcdafrikas, wo auf ca. 2000 Hektar Getreide angebaut wird.\u00a0<\/span><\/p>\n<p style=\"text-align: justify;\"><span style=\"color: #515151;\">Ein gro\u00dfes Problem, das in der Vergangenheit aufgetreten ist, ist, dass das Getreide der Gemeinden nass ist und es eine Ungleichm\u00e4\u00dfigkeit in der Qualit\u00e4t sowie in der Sauberkeit des Maises gibt, was dringende Aufmerksamkeit erforderte und die Regierung dazu veranlasste, die 2 <\/span><a href=\"https:\/\/www.mecmargroup.com\/de\"><span style=\"color: #515151;\">Getreidetrockner<\/span><\/a><span style=\"color: #515151;\"> zu kaufen.<\/span><\/p>\n<p style=\"text-align: justify;\"><span style=\"color: #515151;\">Voraussetzung f\u00fcr das Projekt ist, dass ihre K\u00f6rner getrocknet werden, damit sie in der Lage sind:\u00a0<\/span><\/p>\n<ul>\n<li style=\"text-align: justify;\"><span style=\"color: #515151;\">fr\u00fcher ernten und fr\u00fch mit der Aussaat der n\u00e4chsten Ernte beginnen<\/span><\/li>\n<li style=\"text-align: justify;\"><span style=\"color: #515151;\">die Qualit\u00e4t und Quantit\u00e4t ihres Getreides f\u00fcr die Vermahlung in ihrer M\u00fchle zu verbessern (Reduzierung der Nachernteverluste)<\/span><\/li>\n<li style=\"text-align: justify;\"><span style=\"color: #515151;\">bessere Preise sichern. Die Ernte wird dann widerstandsf\u00e4higer gegen Wetterver\u00e4nderungen sein, und der Standort wird als Referenzzentrum f\u00fcr die lokalen Gemeinden fungieren.<\/span><\/li>\n<\/ul>\n<p style=\"text-align: justify;\"><span style=\"color: #515151;\">Das Projekt ist mit einer gro\u00dfen Getreidem\u00fchle ausgestattet, die den Mais der umliegenden Gemeinde mahlt.\u00a0<\/span><\/p>\n<h2>Lagerung nach Trocknung<\/h2>\n<p style=\"text-align: justify;\"><span style=\"color: #515151;\">Das Projekt wurde mit 2 x 100-Tonnen-Silos ausgestattet, in denen das Getreide in Vorbereitung auf das Mahlen gelagert wird. Der gemahlene Mais wird haupts\u00e4chlich an eine gro\u00dfe Supermarktgruppe in S\u00fcdafrika verkauft und soll von hervorragender Qualit\u00e4t sein, um von der Gemeinde angenommen zu werden.<\/span><\/p>\n<h2>Die gew\u00e4hlte L\u00f6sung<\/h2>\n<p style=\"text-align: justify;\"><span style=\"color: #515151;\">Die Regierung hat zahlreiche Untersuchungen durchgef\u00fchrt und sich f\u00fcr das <\/span><a href=\"https:\/\/www.mecmargroup.com\/de\/catalogo\/mobiltrockner-2\"><span style=\"color: #515151;\">Mecmar Chargentrocknungssystem<\/span><\/a><span style=\"color: #515151;\"> f\u00fcr Getreide entschieden. Basierend auf der Menge an Getreide, die derzeit verarbeitet wird (ca. 60 Tonnen pro Tag), entschied sich die Regierung f\u00fcr 2 x <\/span><a href=\"https:\/\/www.mecmargroup.com\/de\/catalogo\/mobiltrockner-2\/str-de\/model-str_13_119_t-7\"><span style=\"color: #515151;\">STR 13<\/span><\/a><span style=\"color: #515151;\">, haupts\u00e4chlich aufgrund der Tatsache, dass:\u00a0<\/span><\/p>\n<ul>\n<li style=\"text-align: justify;\">Es ist ein mobiler Trockner, der die Flexibilit\u00e4t f\u00fcr eine einfache Aktualisierung des Layouts der Website in der Zukunft bietet<\/li>\n<li style=\"text-align: justify;\">Dieser Trockner ist einfach zu montieren, wenn man bedenkt, dass die Maschine in weniger als 12 Stunden vom Container auf das Feld gebracht werden kann<\/li>\n<li style=\"text-align: justify;\">Es ist einfach zu bedienen, da es nur 1 Traktor, Kraftstoff und Mais zum Arbeiten ben\u00f6tigt<\/li>\n<\/ul>\n<p style=\"text-align: justify;\"><span style=\"color: #515151;\">Die technischen Daten der Trockner sind wie folgt:\u00a0<\/span><\/p>\n<ul>\n<li style=\"text-align: justify;\">Betrieben mit Dieselkraftstoff f\u00fcr einfaches Nachf\u00fcllen<\/li>\n<li style=\"text-align: justify;\">Doppelter Antrieb (Zapfwelle &amp; 1 Elektromotor), so dass der Trockner entweder von einem Traktor bewegt und an einem beliebigen Ort betrieben werden kann oder an die elektrische Energieversorgung zur Entlastung des Traktors angeschlossen und an einem definierten Ort betrieben werden kann<\/li>\n<li style=\"text-align: justify;\">Mit Kunststoffdach (abnehmbar), f\u00fcr besseres Arbeiten im Freien auch bei ung\u00fcnstigen Witterungsverh\u00e4ltnissen.<\/li>\n<li style=\"text-align: justify;\">Mit dem oben am Zentralrohr angeschlossenen Staubabsaugsystem wird eine bessere Reinigung der zu trocknenden K\u00f6rner erreicht. Ein mit dem Zyklon verbundener Beutel erm\u00f6glicht das Sammeln von Staubpartikeln und deren getrennte Behandlung mit konsequentem Schutz der Umgebung.<\/li>\n<\/ul>\n<p style=\"text-align: justify;\"><span style=\"color: #515151;\">Das Projekt wird von Vertretern der Provinz unterst\u00fctzt und steht unter st\u00e4ndiger Beobachtung. Es soll als Modell f\u00fcr \u00e4hnliche F\u00e4lle dienen, die \u00e4hnliche Gewinnspannen zur Verbesserung des Wohlbefindens der lokalen Bauerngemeinschaften aufweisen.<\/span><\/p>\n<blockquote><p><span class=\"text-tiny\">Die Angaben beziehen sich auf Mais und wurden mit mathematischen Modellen berechnet, die saubere saubere und reife Produkte, normale Betriebsbedingungen mit 120\u00b0C Trocknungslufttemperatur und eine Stunde Abk\u00fchlungszeit zugrunde legen. Bitte z\u00f6gern Sie nicht, sich bez\u00fcglich weiterer Ausk\u00fcnfte mit dem n\u00e4chsten H\u00e4ndler von Mecmar in Verbindung zu setzen.\u00a0<\/span><\/p>\n<p><span class=\"text-tiny\">In Anbetracht unserer Politik fortlaufender Verbesserungen behalten wir uns vor, die Spezifikationen und die Konstruktion unangek\u00fcndigt zu \u00e4ndern.<\/span><\/p><\/blockquote>\n","protected":false},"excerpt":{"rendered":"<p>Um den \u00f6rtlichen Gemeinden ein angemessenes Ma\u00df an Sauberkeit und Feuchtigkeit des Mais zu gew\u00e4hrleisten, hat die Regierung einer s\u00fcdafrikanischen Provinz zwei mobile Mecmar-Trockner ausgew\u00e4hlt.<\/p>\n","protected":false},"featured_media":23344,"template":"","acf":[],"yoast_head":"<!-- This site is optimized with the Yoast SEO plugin v23.0 - https:\/\/yoast.com\/wordpress\/plugins\/seo\/ -->\n<title>Mobiler Trockner f\u00fcr Mais STR 13 in S\u00fcdafrika | Fallstudien<\/title>\n<meta name=\"description\" content=\"Um lokale Gemeinden in S\u00fcdafrika zu unterst\u00fctzen, installierte Mecmar 2 STR13: Erfahren Sie mehr \u00fcber die anf\u00e4nglichen Anforderungen und wie wir sie erf\u00fcllt haben.\" \/>\n<meta name=\"robots\" content=\"index, follow, max-snippet:-1, max-image-preview:large, max-video-preview:-1\" \/>\n<link rel=\"canonical\" href=\"https:\/\/www.mecmargroup.com\/de\/casi-studio\/2_str13_tragen_dazu_bei_die_lokalen_gemeinschaften_in_suedafrika_zu_staerken-8\" \/>\n<meta property=\"og:locale\" content=\"de_DE\" \/>\n<meta property=\"og:type\" content=\"article\" \/>\n<meta property=\"og:title\" content=\"Mobiler Trockner f\u00fcr Mais STR 13 in S\u00fcdafrika | Fallstudien\" \/>\n<meta property=\"og:description\" content=\"Um lokale Gemeinden in S\u00fcdafrika zu unterst\u00fctzen, installierte Mecmar 2 STR13: Erfahren Sie mehr \u00fcber die anf\u00e4nglichen Anforderungen und wie wir sie erf\u00fcllt haben.\" \/>\n<meta property=\"og:url\" content=\"https:\/\/www.mecmargroup.com\/de\/casi-studio\/2_str13_tragen_dazu_bei_die_lokalen_gemeinschaften_in_suedafrika_zu_staerken-8\" \/>\n<meta property=\"og:site_name\" content=\"Mecmar S.p.A.\" \/>\n<meta property=\"article:modified_time\" content=\"2024-10-31T12:32:03+00:00\" \/>\n<meta property=\"og:image\" content=\"https:\/\/www.mecmargroup.com\/wp-content\/uploads\/2023\/03\/mobile-dryer-str13-case1619433985.jpg\" \/>\n\t<meta property=\"og:image:width\" content=\"860\" \/>\n\t<meta property=\"og:image:height\" content=\"533\" \/>\n\t<meta property=\"og:image:type\" content=\"image\/jpeg\" \/>\n<meta name=\"twitter:card\" content=\"summary_large_image\" \/>\n<meta name=\"twitter:label1\" content=\"Gesch\u00e4tzte Lesezeit\" \/>\n\t<meta name=\"twitter:data1\" content=\"3\u00a0Minuten\" \/>\n<script type=\"application\/ld+json\" class=\"yoast-schema-graph\">{\"@context\":\"https:\/\/schema.org\",\"@graph\":[{\"@type\":\"WebPage\",\"@id\":\"https:\/\/www.mecmargroup.com\/de\/casi-studio\/2_str13_tragen_dazu_bei_die_lokalen_gemeinschaften_in_suedafrika_zu_staerken-8\",\"url\":\"https:\/\/www.mecmargroup.com\/de\/casi-studio\/2_str13_tragen_dazu_bei_die_lokalen_gemeinschaften_in_suedafrika_zu_staerken-8\",\"name\":\"Mobiler Trockner f\u00fcr Mais STR 13 in S\u00fcdafrika | Fallstudien\",\"isPartOf\":{\"@id\":\"https:\/\/www.mecmargroup.com\/de#website\"},\"primaryImageOfPage\":{\"@id\":\"https:\/\/www.mecmargroup.com\/de\/casi-studio\/2_str13_tragen_dazu_bei_die_lokalen_gemeinschaften_in_suedafrika_zu_staerken-8#primaryimage\"},\"image\":{\"@id\":\"https:\/\/www.mecmargroup.com\/de\/casi-studio\/2_str13_tragen_dazu_bei_die_lokalen_gemeinschaften_in_suedafrika_zu_staerken-8#primaryimage\"},\"thumbnailUrl\":\"https:\/\/www.mecmargroup.com\/wp-content\/uploads\/2023\/03\/mobile-dryer-str13-case1619433985.jpg\",\"datePublished\":\"2021-04-26T10:46:25+00:00\",\"dateModified\":\"2024-10-31T12:32:03+00:00\",\"description\":\"Um lokale Gemeinden in S\u00fcdafrika zu unterst\u00fctzen, installierte Mecmar 2 STR13: Erfahren Sie mehr \u00fcber die anf\u00e4nglichen Anforderungen und wie wir sie erf\u00fcllt haben.\",\"inLanguage\":\"de\",\"potentialAction\":[{\"@type\":\"ReadAction\",\"target\":[\"https:\/\/www.mecmargroup.com\/de\/casi-studio\/2_str13_tragen_dazu_bei_die_lokalen_gemeinschaften_in_suedafrika_zu_staerken-8\"]}]},{\"@type\":\"ImageObject\",\"inLanguage\":\"de\",\"@id\":\"https:\/\/www.mecmargroup.com\/de\/casi-studio\/2_str13_tragen_dazu_bei_die_lokalen_gemeinschaften_in_suedafrika_zu_staerken-8#primaryimage\",\"url\":\"https:\/\/www.mecmargroup.com\/wp-content\/uploads\/2023\/03\/mobile-dryer-str13-case1619433985.jpg\",\"contentUrl\":\"https:\/\/www.mecmargroup.com\/wp-content\/uploads\/2023\/03\/mobile-dryer-str13-case1619433985.jpg\",\"width\":860,\"height\":533},{\"@type\":\"WebSite\",\"@id\":\"https:\/\/www.mecmargroup.com\/de#website\",\"url\":\"https:\/\/www.mecmargroup.com\/de\",\"name\":\"Mecmar S.p.A.\",\"description\":\"\",\"potentialAction\":[{\"@type\":\"SearchAction\",\"target\":{\"@type\":\"EntryPoint\",\"urlTemplate\":\"https:\/\/www.mecmargroup.com\/de?s={search_term_string}\"},\"query-input\":\"required name=search_term_string\"}],\"inLanguage\":\"de\"}]}<\/script>\n<!-- \/ Yoast SEO plugin. -->","yoast_head_json":{"title":"Mobiler Trockner f\u00fcr Mais STR 13 in S\u00fcdafrika | Fallstudien","description":"Um lokale Gemeinden in S\u00fcdafrika zu unterst\u00fctzen, installierte Mecmar 2 STR13: Erfahren Sie mehr \u00fcber die anf\u00e4nglichen Anforderungen und wie wir sie erf\u00fcllt haben.","robots":{"index":"index","follow":"follow","max-snippet":"max-snippet:-1","max-image-preview":"max-image-preview:large","max-video-preview":"max-video-preview:-1"},"canonical":"https:\/\/www.mecmargroup.com\/de\/casi-studio\/2_str13_tragen_dazu_bei_die_lokalen_gemeinschaften_in_suedafrika_zu_staerken-8","og_locale":"de_DE","og_type":"article","og_title":"Mobiler Trockner f\u00fcr Mais STR 13 in S\u00fcdafrika | Fallstudien","og_description":"Um lokale Gemeinden in S\u00fcdafrika zu unterst\u00fctzen, installierte Mecmar 2 STR13: Erfahren Sie mehr \u00fcber die anf\u00e4nglichen Anforderungen und wie wir sie erf\u00fcllt haben.","og_url":"https:\/\/www.mecmargroup.com\/de\/casi-studio\/2_str13_tragen_dazu_bei_die_lokalen_gemeinschaften_in_suedafrika_zu_staerken-8","og_site_name":"Mecmar S.p.A.","article_modified_time":"2024-10-31T12:32:03+00:00","og_image":[{"width":860,"height":533,"url":"https:\/\/www.mecmargroup.com\/wp-content\/uploads\/2023\/03\/mobile-dryer-str13-case1619433985.jpg","type":"image\/jpeg"}],"twitter_card":"summary_large_image","twitter_misc":{"Gesch\u00e4tzte Lesezeit":"3\u00a0Minuten"},"schema":{"@context":"https:\/\/schema.org","@graph":[{"@type":"WebPage","@id":"https:\/\/www.mecmargroup.com\/de\/casi-studio\/2_str13_tragen_dazu_bei_die_lokalen_gemeinschaften_in_suedafrika_zu_staerken-8","url":"https:\/\/www.mecmargroup.com\/de\/casi-studio\/2_str13_tragen_dazu_bei_die_lokalen_gemeinschaften_in_suedafrika_zu_staerken-8","name":"Mobiler Trockner f\u00fcr Mais STR 13 in S\u00fcdafrika | Fallstudien","isPartOf":{"@id":"https:\/\/www.mecmargroup.com\/de#website"},"primaryImageOfPage":{"@id":"https:\/\/www.mecmargroup.com\/de\/casi-studio\/2_str13_tragen_dazu_bei_die_lokalen_gemeinschaften_in_suedafrika_zu_staerken-8#primaryimage"},"image":{"@id":"https:\/\/www.mecmargroup.com\/de\/casi-studio\/2_str13_tragen_dazu_bei_die_lokalen_gemeinschaften_in_suedafrika_zu_staerken-8#primaryimage"},"thumbnailUrl":"https:\/\/www.mecmargroup.com\/wp-content\/uploads\/2023\/03\/mobile-dryer-str13-case1619433985.jpg","datePublished":"2021-04-26T10:46:25+00:00","dateModified":"2024-10-31T12:32:03+00:00","description":"Um lokale Gemeinden in S\u00fcdafrika zu unterst\u00fctzen, installierte Mecmar 2 STR13: Erfahren Sie mehr \u00fcber die anf\u00e4nglichen Anforderungen und wie wir sie erf\u00fcllt haben.","inLanguage":"de","potentialAction":[{"@type":"ReadAction","target":["https:\/\/www.mecmargroup.com\/de\/casi-studio\/2_str13_tragen_dazu_bei_die_lokalen_gemeinschaften_in_suedafrika_zu_staerken-8"]}]},{"@type":"ImageObject","inLanguage":"de","@id":"https:\/\/www.mecmargroup.com\/de\/casi-studio\/2_str13_tragen_dazu_bei_die_lokalen_gemeinschaften_in_suedafrika_zu_staerken-8#primaryimage","url":"https:\/\/www.mecmargroup.com\/wp-content\/uploads\/2023\/03\/mobile-dryer-str13-case1619433985.jpg","contentUrl":"https:\/\/www.mecmargroup.com\/wp-content\/uploads\/2023\/03\/mobile-dryer-str13-case1619433985.jpg","width":860,"height":533},{"@type":"WebSite","@id":"https:\/\/www.mecmargroup.com\/de#website","url":"https:\/\/www.mecmargroup.com\/de","name":"Mecmar S.p.A.","description":"","potentialAction":[{"@type":"SearchAction","target":{"@type":"EntryPoint","urlTemplate":"https:\/\/www.mecmargroup.com\/de?s={search_term_string}"},"query-input":"required name=search_term_string"}],"inLanguage":"de"}]}},"_links":{"self":[{"href":"https:\/\/www.mecmargroup.com\/de\/wp-json\/wp\/v2\/caso-studio\/24154"}],"collection":[{"href":"https:\/\/www.mecmargroup.com\/de\/wp-json\/wp\/v2\/caso-studio"}],"about":[{"href":"https:\/\/www.mecmargroup.com\/de\/wp-json\/wp\/v2\/types\/caso-studio"}],"wp:featuredmedia":[{"embeddable":true,"href":"https:\/\/www.mecmargroup.com\/de\/wp-json\/wp\/v2\/media\/23344"}],"wp:attachment":[{"href":"https:\/\/www.mecmargroup.com\/de\/wp-json\/wp\/v2\/media?parent=24154"}],"curies":[{"name":"wp","href":"https:\/\/api.w.org\/{rel}","templated":true}]}}